{"id":31507,"date":"2024-07-13T20:57:11","date_gmt":"2024-07-13T18:57:11","guid":{"rendered":"https:\/\/kotirentals.com\/media-temporada\/colinas-del-faro-24\/"},"modified":"2024-12-26T13:09:54","modified_gmt":"2024-12-26T12:09:54","slug":"colinas-del-faro-24","status":"publish","type":"estate_property","link":"https:\/\/kotirentals.com\/fi\/media-temporada\/colinas-del-faro-24\/","title":{"rendered":"Colinas del Faro 24"},"content":{"rendered":"<div class=\"_tp3sbt\">\n<div><span class=\"lrl13de atm_kd_19r6f69_24z95b atm_kd_19r6f69_1xbvphn_1oszvuo dir dir-ltr\">T\u00e4m\u00e4 vieh\u00e4tt\u00e4v\u00e4 asunto on ihanteellinen enint\u00e4\u00e4n nelj\u00e4n hengen perheelle, ja se sijaitsee hissitt\u00f6m\u00e4n rakennuksen ensimm\u00e4isess\u00e4 kerroksessa. Se tarjoaa viihtyis\u00e4n ilmapiirin nauttia rentouttavasta lomasta Costa del Solilla. <\/span><\/div>\n<div><span class=\"lrl13de atm_kd_19r6f69_24z95b atm_kd_19r6f69_1xbvphn_1oszvuo dir dir-ltr\"> Siin\u00e4 on kaksi makuuhuonetta, makuuhuoneessa on parivuode 150 cm, joka tarjoaa mukavan tilan lev\u00e4t\u00e4. Toisessa makuuhuoneessa on kaksi 90 cm:n s\u00e4nky\u00e4, jotka sopivat erinomaisesti pienille tai kahdelle aikuiselle. <\/span><\/div>\n<div><\/div>\n<div>Mijas Costa on tunnettu rauhallisesta ja asuinymp\u00e4rist\u00f6llisest\u00e4 ilmapiirist\u00e4\u00e4n, joka on ihanteellinen niille, jotka haluavat vet\u00e4yty\u00e4 pois kaupungin h\u00e4lin\u00e4st\u00e4 ja vilskeest\u00e4. Luonnon ymp\u00e4r\u00f6im\u00e4 alue tarjoaa t\u00e4ydellisen ymp\u00e4rist\u00f6n rentoutumiseen ja perhelomasta nauttimiseen. Erilaisten mukavuuksien ja n\u00e4ht\u00e4vyyksien l\u00e4heisyys lis\u00e4\u00e4 mukavuutta ja hauskuutta oleskeluun.  <\/div>\n<\/div>\n<div class=\"_tp3sbt\"><span class=\"lrl13de atm_kd_19r6f69_24z95b atm_kd_19r6f69_1xbvphn_1oszvuo dir dir-ltr\"><span class=\"lrl13de atm_kd_19r6f69_24z95b atm_kd_19r6f69_1xbvphn_1oszvuo dir dir-ltr\"> T\u00e4m\u00e4 vieh\u00e4tt\u00e4v\u00e4 asunto on ihanteellinen enint\u00e4\u00e4n viiden hengen perheelle, ja se sijaitsee hissitt\u00f6m\u00e4n rakennuksen ensimm\u00e4isess\u00e4 kerroksessa. Se tarjoaa viihtyis\u00e4n ilmapiirin ja kaikki tarvittavat mukavuudet nauttia rentouttavasta lomasta Costa del Solilla kauniilla n\u00e4k\u00f6aloilla. <\/span><\/span>Siin\u00e4 on kaksi makuuhuonetta, makuuhuoneessa on parivuode 150 cm, joka tarjoaa mukavan tilan lev\u00e4t\u00e4. Toisessa makuuhuoneessa on kaksi 90 cm:n s\u00e4nky\u00e4, jotka sopivat erinomaisesti pienille tai kahdelle aikuiselle.  Molemmissa makuuhuoneissa on split-ilmastointi. Olohuone on viihtyis\u00e4 ja toimiva tila, jossa on Smart TV ja split-ilmastointi, joka takaa t\u00e4ydellisen l\u00e4mp\u00f6tilan kaikkina vuodenaikoina. T\u00e4ysin varustetussa keitti\u00f6ss\u00e4 on kaikki tarvittavat laitteet, kuten leiv\u00e4npaahdin, vedenkeitin, kahvinkeitin, mikroaaltouuni, s\u00e4hk\u00f6liesi ja pesukone. Kylpyhuone, jossa on walk-in-suihku, on k\u00e4yt\u00e4nn\u00f6llinen ja moderni, joka tarjoaa mukavan kokemuksen kaikille vieraille.   <\/div>\n<div class=\"_tp3sbt\">Kiinteist\u00f6 on etel\u00e4\u00e4n p\u00e4in, joten terassille, olohuoneeseen ja makuuhuoneeseen tulee runsaasti luonnonvaloa. Vaikka ikkunat eiv\u00e4t ole kaksinkertaisia, ne s\u00e4ilytt\u00e4v\u00e4t valoisan ja miellytt\u00e4v\u00e4n ilmapiirin, ja vaikka hissin puuttuessa p\u00e4\u00e4sy ensimm\u00e4iseen kerrokseen on helppok\u00e4ytt\u00f6inen ja portaat eiv\u00e4t ole suuri haaste useimmille ihmisille. On t\u00e4rke\u00e4\u00e4 huomata, ett\u00e4 t\u00e4m\u00e4 ominaisuus ei sovellu liikuntarajoitteisille henkil\u00f6ille, koska portaat ovat sek\u00e4 eteisess\u00e4 ett\u00e4 rakennuksessa. Sis\u00e4\u00e4nk\u00e4ynti on itsen\u00e4inen, ja on t\u00e4rke\u00e4\u00e4, ett\u00e4 p\u00e4\u00e4sis\u00e4\u00e4nk\u00e4ynnill\u00e4 on internet-yhteys.   <\/div>\n<div class=\"_tp3sbt\"><span class=\"lrl13de atm_kd_19r6f69_24z95b atm_kd_19r6f69_1xbvphn_1oszvuo dir dir-ltr\"><span class=\"lrl13de atm_kd_19r6f69_24z95b atm_kd_19r6f69_1xbvphn_1oszvuo dir dir-ltr\"> Kiinteist\u00f6ss\u00e4 on yhteinen uima-allas, joka on avoinna kes\u00e4isin, ihanteellinen viilennykseen ja hyv\u00e4st\u00e4 s\u00e4\u00e4st\u00e4 nauttimiseen. Vaikka yksityist\u00e4 pys\u00e4k\u00f6intitilaa ei olekaan, katu on hiljainen, eik\u00e4 pys\u00e4k\u00f6intiongelmia yleens\u00e4 ole. <\/span><\/span>Vain 140 metrin p\u00e4\u00e4ss\u00e4 asunnosta on Colinas del Faro -ravintola, ja 150 metrin p\u00e4\u00e4ss\u00e4 on minimarket, joka helpottaa elintarvikkeiden ja perustuotteiden hankkimista. La Campanan ranta on 950 metrin p\u00e4\u00e4ss\u00e4, ja se tarjoaa erinomaisen mahdollisuuden nauttia auringosta ja merest\u00e4. Muita l\u00e4hell\u00e4 sijaitsevia rantoja ovat Los Tajosin ranta, joka sijaitsee 1,4 km:n p\u00e4\u00e4ss\u00e4, ja Chiringuito Villa Tropicana, joka on ihanteellinen aterian nauttimiseen meren \u00e4\u00e4rell\u00e4.Ostosten ja viihteen yst\u00e4ville Miramar-ostoskeskus on vain 8 minuutin ajomatkan p\u00e4\u00e4ss\u00e4 (5 km), ja Bioparc Fuengirola, moderni el\u00e4intarha, on 9 minuutin ajomatkan p\u00e4\u00e4ss\u00e4 (5,8 km). Fuengirola Centro on 10 minuutin ajomatkan p\u00e4\u00e4ss\u00e4 (8,4 km), ja se tarjoaa laajan valikoiman kauppoja, ravintoloita ja aktiviteetteja.   <\/div>\n<div><\/div>\n<div class=\"_tp3sbt\"><span class=\"lrl13de atm_kd_19r6f69_24z95b atm_kd_19r6f69_1xbvphn_1oszvuo dir dir-ltr\">Mijas Costan strateginen sijainti mahdollistaa helpon p\u00e4\u00e4syn sek\u00e4 M\u00e1lagan kaupunkiin (34 km, 24 minuutin ajomatka) ett\u00e4 Marbellaan (23 km, 20 minuutin ajomatka), mik\u00e4 helpottaa p\u00e4iv\u00e4retki\u00e4 n\u00e4ihin merkitt\u00e4viin kaupunkeihin.<\/span><\/div>\n<div class=\"_tp3sbt\"><span class=\"lrl13de atm_kd_19r6f69_24z95b atm_kd_19r6f69_1xbvphn_1oszvuo dir dir-ltr\"> Yhteenvetona voidaan todeta, ett\u00e4 t\u00e4m\u00e4 asunto Mijas Costassa on mukava ja hyvin varustettu koti, joka sopii erinomaisesti niille, jotka etsiv\u00e4t rentouttavaa oleskelua rauhallisessa asuinymp\u00e4rist\u00f6ss\u00e4. Suosittelemme, ett\u00e4 sinulla on ajoneuvo mukavaa ty\u00f6matkaa varten. L\u00e4heisyys mukavuuksiin, rannoille ja n\u00e4ht\u00e4vyyksiin takaa t\u00e4ydellisen ja nautinnollisen lomakokemuksen Costa del Solilla!   <\/span><\/div>\n<div><\/div>\n<div>Huomaathan, ett\u00e4 kuivuusrajoitusten vuoksi ja lain <b>nro 2\/2024<\/b> mukaisesti uima-altaat suljetaan 1. lokakuuta 2024 alkaen. Asetuksessa kiellet\u00e4\u00e4n my\u00f6s juomaveden k\u00e4ytt\u00f6 yksityisten uima-altaiden t\u00e4ytt\u00e4miseen ja puutarhojen kasteluun sek\u00e4 julkisissa ett\u00e4 yksityisiss\u00e4 tiloissa. Odotamme parhaillaan lis\u00e4tietoja ja pid\u00e4mme teid\u00e4t ajan tasalla mahdollisista uusista tapahtumista. Kiit\u00e4mme teit\u00e4 ymm\u00e4rryksest\u00e4nne ja yhteisty\u00f6st\u00e4 vierailunne aikana.   <\/div>\n<div><br style=\"font-weight: 400;\"><br style=\"font-weight: 400;\"><\/div>\n","protected":false},"excerpt":{"rendered":"<p>T\u00e4m\u00e4 vieh\u00e4tt\u00e4v\u00e4 asunto on ihanteellinen enint\u00e4\u00e4n nelj\u00e4n hengen perheelle, ja se sijaitsee hissitt\u00f6m\u00e4n rakennuksen ensimm\u00e4isess\u00e4 kerroksessa. Se tarjoaa viihtyis\u00e4n ilmapiirin nauttia rentouttavasta lomasta Costa del Solilla. Siin\u00e4 on kaksi makuuhuonetta, makuuhuoneessa on parivuode 150 cm, joka tarjoaa mukavan tilan lev\u00e4t\u00e4. Toisessa makuuhuoneessa on kaksi 90 cm:n s\u00e4nky\u00e4, jotka sopivat erinomaisesti pienille tai kahdelle aikuiselle. Mijas Costa on tunnettu rauhallisesta ja asuinymp\u00e4rist\u00f6llisest\u00e4 ilmapiirist\u00e4\u00e4n, joka on &#8230;<\/p>\n","protected":false},"featured_media":30482,"comment_status":"open","ping_status":"closed","template":"","property_category":[299],"property_action_category":[352,698,301,699],"property_city":[439],"property_area":[555],"property_county_state":[94],"property_features":[506,398,572,325,397,323,456,459,318,400,327,333,360,305,322,326,316,332,365,392,331,313,354,324,491,460,304,334,311,335,444],"property_status":[],"class_list":["post-31507","estate_property","type-estate_property","status-publish","has-post-thumbnail","hentry","property_category-apartmento-fi","property_action_category-rentals-fi","property_action_category-saatavilla-kaudelle-2025-2026","property_action_category-media-temporada-fi","property_action_category-vuokrattu-24-25-fi","property_city-mijas-fi","property_area-el-faro-de-calaburras-fi","property_county_state-espana","property_features-cama-150-fi","property_features-sol-de-manana-fi","property_features-piscina-abierta-todo-el-ano-posibles-restricciones-fi","property_features-terraza-soleada-fi","property_features-sin-ascensor-fi","property_features-secador-pelo-fi","property_features-aire-acondicionado-salon-dormitorios-fi","property_features-dos-camas-90-fi","property_features-ollas-sartenes-fi","property_features-ventilador-techo-dormitorios-fi","property_features-utensilios-cocina-fi","property_features-vitroceramica-electrica-fi","property_features-sol-al-mediodia-fi","property_features-plato-ducha-fi","property_features-sabanas-toallas-fi","property_features-tostadora-fi","property_features-microondas-fi","property_features-vistas-al-mar-fi","property_features-vistas-al-vecindario-fi","property_features-escaleras-fi","property_features-vistas-al-jardin-fi","property_features-lavadora-fi","property_features-termo-electrico-fi","property_features-smart-tv-fi","property_features-sofa-cama-fi","property_features-orientacion-sur-fi","property_features-armario-empotrado-fi","property_features-wi-fi-fibra-optica-fi","property_features-hervidor-agua-fi","property_features-wifi-detalles-interior-fi","property_features-jardin-comunitario-fi"],"acf":[],"_links":{"self":[{"href":"https:\/\/kotirentals.com\/fi\/wp-json\/wp\/v2\/estate_property\/31507","targetHints":{"allow":["GET"]}}],"collection":[{"href":"https:\/\/kotirentals.com\/fi\/wp-json\/wp\/v2\/estate_property"}],"about":[{"href":"https:\/\/kotirentals.com\/fi\/wp-json\/wp\/v2\/types\/estate_property"}],"replies":[{"embeddable":true,"href":"https:\/\/kotirentals.com\/fi\/wp-json\/wp\/v2\/comments?post=31507"}],"version-history":[{"count":5,"href":"https:\/\/kotirentals.com\/fi\/wp-json\/wp\/v2\/estate_property\/31507\/revisions"}],"predecessor-version":[{"id":32078,"href":"https:\/\/kotirentals.com\/fi\/wp-json\/wp\/v2\/estate_property\/31507\/revisions\/32078"}],"wp:featuredmedia":[{"embeddable":true,"href":"https:\/\/kotirentals.com\/fi\/wp-json\/wp\/v2\/media\/30482"}],"wp:attachment":[{"href":"https:\/\/kotirentals.com\/fi\/wp-json\/wp\/v2\/media?parent=31507"}],"wp:term":[{"taxonomy":"property_category","embeddable":true,"href":"https:\/\/kotirentals.com\/fi\/wp-json\/wp\/v2\/property_category?post=31507"},{"taxonomy":"property_action_category","embeddable":true,"href":"https:\/\/kotirentals.com\/fi\/wp-json\/wp\/v2\/property_action_category?post=31507"},{"taxonomy":"property_city","embeddable":true,"href":"https:\/\/kotirentals.com\/fi\/wp-json\/wp\/v2\/property_city?post=31507"},{"taxonomy":"property_area","embeddable":true,"href":"https:\/\/kotirentals.com\/fi\/wp-json\/wp\/v2\/property_area?post=31507"},{"taxonomy":"property_county_state","embeddable":true,"href":"https:\/\/kotirentals.com\/fi\/wp-json\/wp\/v2\/property_county_state?post=31507"},{"taxonomy":"property_features","embeddable":true,"href":"https:\/\/kotirentals.com\/fi\/wp-json\/wp\/v2\/property_features?post=31507"},{"taxonomy":"property_status","embeddable":true,"href":"https:\/\/kotirentals.com\/fi\/wp-json\/wp\/v2\/property_status?post=31507"}],"curies":[{"name":"wp","href":"https:\/\/api.w.org\/{rel}","templated":true}]}}