{"id":31140,"date":"2024-02-28T14:20:32","date_gmt":"2024-02-28T13:20:32","guid":{"rendered":"https:\/\/kotirentals.com\/media-temporada\/colinas-del-faro\/"},"modified":"2024-12-26T14:39:38","modified_gmt":"2024-12-26T13:39:38","slug":"colinas-del-faro","status":"publish","type":"estate_property","link":"https:\/\/kotirentals.com\/fi\/media-temporada\/colinas-del-faro\/","title":{"rendered":"Colinas del Faro"},"content":{"rendered":"&#13;\n<p>Tervetuloa Colinas del Faroon Mijas Costaan!<\/p>&#13;\n<p>Anna meid\u00e4n vied\u00e4 sinut kierrokselle t\u00e4h\u00e4n tilavaan ja valoisaan yksi\u00f6\u00f6n merin\u00e4k\u00f6alalla, joka sijaitsee eritt\u00e4in rauhallisella alueella Mijas Costassa, vain 1 km p\u00e4\u00e4ss\u00e4 rannalta.<\/p>&#13;\n<p>T\u00e4ysin varustettu kaikella, mit\u00e4 tarvitset nauttiaksesi miellytt\u00e4v\u00e4st\u00e4 oleskelusta.<\/p>&#13;\n<p>Terassi, johon p\u00e4\u00e4see sek\u00e4 olohuoneesta ett\u00e4 makuuhuoneesta, on hyvin aurinkoinen, ja siell\u00e4 on terassikalusteet, joten voit nauttia merin\u00e4k\u00f6alasta aamuisin aamiaista sy\u00f6dess\u00e4si.<\/p>&#13;\n<p>Taloyhti\u00f6ss\u00e4 on puutarha-alue, yhteinen uima-allas ja tenniskentt\u00e4. Ihanteellinen ihmisille, jotka tulevat pelaamaan padelia, golfia ja nauttimaan rannasta. T\u00e4ydellinen sijainti, jos tulet nauttimaan Marenostrum Fuengirolan ja Costa del Solin raviradan tapahtumista.<\/p>&#13;\n<p>Allas on k\u00e4ytett\u00e4viss\u00e4 kes\u00e4kuun alusta elokuun loppuun!<\/p>&#13;\n<p>\n          <span style=\"font-weight: 400;\">Ilmoitamme, ett\u00e4 kuivuuden vuoksi ja lain nro 2\/2024 mukaisesti uima-altaat suljetaan 1. lokakuuta 2024 alkaen. Asetuksella kiellet\u00e4\u00e4n my\u00f6s juomaveden k\u00e4ytt\u00f6 yksityisten uima-altaiden t\u00e4ytt\u00e4miseen ja puutarhojen kasteluun sek\u00e4 julkisissa ett\u00e4 yksityisiss\u00e4 tiloissa. Odotamme parhaillaan lis\u00e4tietoja ja pid\u00e4mme teid\u00e4t ajan tasalla mahdollisista uusista tapahtumista. Kiit\u00e4mme teit\u00e4 ymm\u00e4rryksest\u00e4nne ja yhteisty\u00f6st\u00e4 vierailunne aikana.   <\/span>\n        <\/p>&#13;\n<p>52m2:n pinta-alalla t\u00e4m\u00e4 valoisaa tilaa tarjoava retriitti on ihanteellinen enint\u00e4\u00e4n 3 hengelle, ja se tarjoaa mukavan ja rentouttavan ymp\u00e4rist\u00f6n lomallesi.<\/p>&#13;\n<p>Makuuhuoneessa sinua odottaa mukava s\u00e4nky, joka on t\u00e4ydellinen lepopaikka pitk\u00e4n p\u00e4iv\u00e4n j\u00e4lkeen. Ja olohuoneessa k\u00e4yt\u00e4nn\u00f6llinen vuodesohva muuttuu ylim\u00e4\u00e4r\u00e4iseksi nukkumatilaksi, mik\u00e4 takaa mukavan oleskelun kaikille vieraille. <\/p>&#13;\n<p>S\u00e4hk\u00f6k\u00e4ytt\u00f6inen keitti\u00f6 on t\u00e4ysin varustettu kaikella, mit\u00e4 tarvitset lempiruokiesi valmistamiseen, ruoanlaittov\u00e4lineist\u00e4 moderneihin laitteisiin, kuten uuniin ja mikroaaltouuniin. Se sis\u00e4lt\u00e4\u00e4 my\u00f6s leiv\u00e4npaahtimen, vedenkeittimen ja kahvinkeittimen, joten voit nauttia herkullisen aamiaisen ennen kuin aloitat p\u00e4iv\u00e4si. <\/p>&#13;\n<p>Kylpyhuoneessa on tilava suihku, joka sopii t\u00e4ydellisesti virkist\u00e4ytymiseen rannalla vietetyn p\u00e4iv\u00e4n j\u00e4lkeen, ja tuoreita liinavaatteita ja pyyhkeit\u00e4.<\/p>&#13;\n<p>Terassilta voit nauttia upeista n\u00e4kymist\u00e4 uima-altaalle, merelle ja kaupunkiin, mik\u00e4 luo t\u00e4ydelliset puitteet rentoutua ja nauttia Etel\u00e4-Espanjan l\u00e4mpim\u00e4st\u00e4 auringonpaisteesta.<\/p>&#13;\n<p>Wifi on k\u00e4ytett\u00e4viss\u00e4 koko asunnossa ja ilmastointi pit\u00e4\u00e4 sinut viile\u00e4n\u00e4 kuumimpina p\u00e4ivin\u00e4, jotta voit nauttia rentouttavasta lomasta.<\/p>&#13;\n<p>T\u00e4ss\u00e4 majoituspaikassa on kaikki mit\u00e4 tarvitset unohtumatonta lomaa varten!<\/p>&#13;\n<p>Sijaitsee ensimm\u00e4isess\u00e4 kerroksessa, ja sinne p\u00e4\u00e4see portaita pitkin, huomioi t\u00e4m\u00e4 n\u00e4k\u00f6kohta liikuntarajoitteisille henkil\u00f6ille. T\u00e4m\u00e4 asunto tarjoaa mukavuutta ja ilmaisen pys\u00e4k\u00f6innin kadulla. <\/p>&#13;\n<p>Lyhyesti sanottuna Colinas del Faro on t\u00e4ydellinen paikka nauttia unohtumattomasta lomasta meren \u00e4\u00e4rell\u00e4 kauniilla Costa del Solilla.<\/p>&#13;\n<p>Odotamme sinua ainutlaatuiseen ja ikimuistoiseen kokemukseen!<\/p>&#13;\n<p>Suoritamme kehittyneen puhdistus- ja desinfiointiprotokollan.<\/p>&#13;\n<p>\u00c4l\u00e4 unohda rantalaukkuasi \ud83d\ude42<\/p>&#13;\n<p>Olemme k\u00e4ytett\u00e4viss\u00e4nne,<br\/>Koti Rentalsin tiimi.<\/p>&#13;\n<p>Talon s\u00e4\u00e4nn\u00f6t:<\/p>&#13;\n<p>&#8211; Kunnioita muiden vieraiden\/naapureiden lepoaikoja.<br\/>&#8211; Lemmikit eiv\u00e4t ole sallittuja.<br\/>&#8211; Asunnossa ei saa tupakoida.<br\/>&#8211; Juhlien j\u00e4rjest\u00e4minen asunnossa on kielletty.<br\/>&#8211; On ehdottomasti kielletty\u00e4 majoittaa enemm\u00e4n henkil\u00f6it\u00e4 kuin alun perin ilmoitettiin.<br\/>&#8211; Matkas\u00e4nky saatavilla ennakkoilmoituksella. Lis\u00e4maksu on 20 \u20ac\/vuorokausi. <\/p>&#13;\n&#13;\n<p>\u00a0<\/p>&#13;\n","protected":false},"excerpt":{"rendered":"<p>&#13; Tervetuloa Colinas del Faroon Mijas Costaan! &#13; Anna meid\u00e4n vied\u00e4 sinut kierrokselle t\u00e4h\u00e4n tilavaan ja valoisaan yksi\u00f6\u00f6n merin\u00e4k\u00f6alalla, joka sijaitsee eritt\u00e4in rauhallisella alueella Mijas Costassa, vain 1 km p\u00e4\u00e4ss\u00e4 rannalta. &#13; T\u00e4ysin varustettu kaikella, mit\u00e4 tarvitset nauttiaksesi miellytt\u00e4v\u00e4st\u00e4 oleskelusta. &#13; Terassi, johon p\u00e4\u00e4see sek\u00e4 olohuoneesta ett\u00e4 makuuhuoneesta, on hyvin aurinkoinen, ja siell\u00e4 on terassikalusteet, joten voit nauttia merin\u00e4k\u00f6alasta aamuisin aamiaista sy\u00f6dess\u00e4si. &#13; Taloyhti\u00f6ss\u00e4 &#8230;<\/p>\n","protected":false},"featured_media":26838,"comment_status":"closed","ping_status":"closed","template":"","property_category":[299],"property_action_category":[300,352,301,700],"property_city":[470,439],"property_area":[555,522],"property_county_state":[94],"property_features":[506,398,528,325,397,323,355,361,306,318,327,333,396,305,322,326,315,316,448,364,332,556,313,354,324,491,460,399,469,312,311,335],"property_status":[703],"class_list":["post-31140","estate_property","type-estate_property","status-publish","has-post-thumbnail","hentry","property_category-apartmento-fi","property_action_category-corta-temporada-fi","property_action_category-rentals-fi","property_action_category-media-temporada-fi","property_action_category-vuokrattu-25-26-fi","property_city-el-faro-de-calaburras","property_city-mijas-fi","property_area-el-faro-de-calaburras-fi","property_area-mijas-costa-fi","property_county_state-espana","property_features-cama-150-fi","property_features-sol-de-manana-fi","property_features-piscina-abierta-todo-el-ano-fi","property_features-terraza-soleada-fi","property_features-sin-ascensor-fi","property_features-secador-pelo-fi","property_features-aire-acondicionado-salon-fi","property_features-sol-de-tarde-fi","property_features-cafetera-filtro-fi","property_features-ollas-sartenes-fi","property_features-utensilios-cocina-fi","property_features-vitroceramica-electrica-fi","property_features-secodora-ropa-fi","property_features-plato-ducha-fi","property_features-sabanas-toallas-fi","property_features-tostadora-fi","property_features-mascotas-no-permitidas-fi","property_features-microondas-fi","property_features-vistas-a-la-piscina-y-jardines-comunitarios-fi","property_features-vistas-ciudad-fi","property_features-vistas-al-mar-fi","property_features-parking-disponible-en-la-calle-fi","property_features-lavadora-fi","property_features-termo-electrico-fi","property_features-smart-tv-fi","property_features-sofa-cama-fi","property_features-orientacion-sur-fi","property_features-terraza-fi","property_features-segunda-planta-fi","property_features-horno-fi","property_features-hervidor-agua-fi","property_features-wifi-detalles-interior-fi","property_status-reserved-25-26-fi"],"acf":[],"_links":{"self":[{"href":"https:\/\/kotirentals.com\/fi\/wp-json\/wp\/v2\/estate_property\/31140","targetHints":{"allow":["GET"]}}],"collection":[{"href":"https:\/\/kotirentals.com\/fi\/wp-json\/wp\/v2\/estate_property"}],"about":[{"href":"https:\/\/kotirentals.com\/fi\/wp-json\/wp\/v2\/types\/estate_property"}],"replies":[{"embeddable":true,"href":"https:\/\/kotirentals.com\/fi\/wp-json\/wp\/v2\/comments?post=31140"}],"version-history":[{"count":5,"href":"https:\/\/kotirentals.com\/fi\/wp-json\/wp\/v2\/estate_property\/31140\/revisions"}],"predecessor-version":[{"id":32159,"href":"https:\/\/kotirentals.com\/fi\/wp-json\/wp\/v2\/estate_property\/31140\/revisions\/32159"}],"wp:featuredmedia":[{"embeddable":true,"href":"https:\/\/kotirentals.com\/fi\/wp-json\/wp\/v2\/media\/26838"}],"wp:attachment":[{"href":"https:\/\/kotirentals.com\/fi\/wp-json\/wp\/v2\/media?parent=31140"}],"wp:term":[{"taxonomy":"property_category","embeddable":true,"href":"https:\/\/kotirentals.com\/fi\/wp-json\/wp\/v2\/property_category?post=31140"},{"taxonomy":"property_action_category","embeddable":true,"href":"https:\/\/kotirentals.com\/fi\/wp-json\/wp\/v2\/property_action_category?post=31140"},{"taxonomy":"property_city","embeddable":true,"href":"https:\/\/kotirentals.com\/fi\/wp-json\/wp\/v2\/property_city?post=31140"},{"taxonomy":"property_area","embeddable":true,"href":"https:\/\/kotirentals.com\/fi\/wp-json\/wp\/v2\/property_area?post=31140"},{"taxonomy":"property_county_state","embeddable":true,"href":"https:\/\/kotirentals.com\/fi\/wp-json\/wp\/v2\/property_county_state?post=31140"},{"taxonomy":"property_features","embeddable":true,"href":"https:\/\/kotirentals.com\/fi\/wp-json\/wp\/v2\/property_features?post=31140"},{"taxonomy":"property_status","embeddable":true,"href":"https:\/\/kotirentals.com\/fi\/wp-json\/wp\/v2\/property_status?post=31140"}],"curies":[{"name":"wp","href":"https:\/\/api.w.org\/{rel}","templated":true}]}}